{"id":97,"date":"2021-12-16T20:13:59","date_gmt":"2021-12-16T20:13:59","guid":{"rendered":"https:\/\/vegadesanmartin.es\/?page_id=97"},"modified":"2025-03-14T11:32:23","modified_gmt":"2025-03-14T11:32:23","slug":"inicio","status":"publish","type":"page","link":"https:\/\/vegadesanmartin.es\/en\/","title":{"rendered":"Home"},"content":{"rendered":"<p>[et_pb_section fb_built=\u00bb1&#8243; fullwidth=\u00bbon\u00bb _builder_version=\u00bb4.16&#8243; _module_preset=\u00bbdefault\u00bb width=\u00bb100%\u00bb max_width=\u00bb100%\u00bb animation_style=\u00bbfade\u00bb animation_duration=\u00bb2000ms\u00bb global_colors_info=\u00bb{}\u00bb][et_pb_fullwidth_slider show_arrows=\u00bboff\u00bb show_pagination=\u00bboff\u00bb use_bg_overlay=\u00bboff\u00bb use_text_overlay=\u00bboff\u00bb arrows_custom_color=\u00bb#821D21&#8243; _builder_version=\u00bb4.27.4&#8243; _module_preset=\u00bbdefault\u00bb header_level=\u00bbh1&#8243; header_font=\u00bbCormorant Garamond||||||||\u00bb header_text_color=\u00bb#F1EEE8&#8243; header_font_size=\u00bb70px\u00bb header_letter_spacing=\u00bb1px\u00bb header_line_height=\u00bb1.2em\u00bb body_font=\u00bbTenor Sans|||on|||||\u00bb body_text_color=\u00bb#F1EEE8&#8243; body_font_size=\u00bb29px\u00bb body_letter_spacing=\u00bb1px\u00bb background_color=\u00bbrgba(0,0,0,0.29)\u00bb background_image=\u00bbhttps:\/\/vegadesanmartin.es\/wp-content\/uploads\/110LOW-Queseria-Vega-de-San-Martin_OCT-2021_Lorenfotografia386A1439.jpg\u00bb background_blend=\u00bbdarken\u00bb custom_button=\u00bbon\u00bb button_text_size=\u00bb16px\u00bb button_text_color=\u00bb#8B774F\u00bb button_bg_color=\u00bb#F1EEE8&#8243; button_border_width=\u00bb1px\u00bb button_border_color=\u00bb#8B774F\u00bb button_border_radius=\u00bb1px\u00bb button_letter_spacing=\u00bb1px\u00bb button_font=\u00bbMontserrat|||on|||||\u00bb button_use_icon=\u00bboff\u00bb button_alignment=\u00bbcenter\u00bb button_rel=\u00bboff|off|off|off|off\u00bb button_custom_padding=\u00bb10px|25px|10px|32px|false|false\u00bb text_orientation=\u00bbright\u00bb custom_padding=\u00bb22%||22%||true|false\u00bb custom_padding_tablet=\u00bb22%||22%||true|false\u00bb custom_padding_phone=\u00bb35%||35%||true|false\u00bb custom_padding_last_edited=\u00bbon|phone\u00bb auto=\u00bbon\u00bb auto_speed=\u00bb4000&#8243; hover_transition_duration=\u00bb200ms\u00bb hover_enabled=\u00bb0&#8243; custom_css_slide_description=\u00bbanimation-name: none;\u00bb global_colors_info=\u00bb{}\u00bb sticky_enabled=\u00bb0&#8243;][et_pb_slide heading=\u00bbQueser\u00eda Artesanal\u00bb button_text=\u00bbnuestros productos\u00bb button_link=\u00bbhttps:\/\/vegadesanmartin.es\/tienda\u00bb content_tablet=\u00bb<\/p>\n<p>vega de san mart\u00edn<\/p>\n<p>\u00bb content_phone=\u00bb<\/p>\n<p> vega de san mart\u00edn<\/p>\n<p>\u00bb content_last_edited=\u00bbon|phone\u00bb _builder_version=\u00bb4.27.4&#8243; _module_preset=\u00bbdefault\u00bb header_font_size=\u00bb73px\u00bb header_line_height=\u00bb1.2em\u00bb body_line_height=\u00bb1.9em\u00bb background_image=\u00bbhttps:\/\/vegadesanmartin.es\/wp-content\/uploads\/Elaboracio\u0301n-de-quesos-artesanales-en-Madrid1.jpg\u00bb background_enable_image=\u00bbon\u00bb background_position=\u00bbcenter_right\u00bb custom_button=\u00bbon\u00bb button_text_size=\u00bb18px\u00bb button_text_color=\u00bb#F1EEE8&#8243; button_bg_color=\u00bb#821D21&#8243; button_bg_color_gradient_direction=\u00bb221deg\u00bb button_bg_color_gradient_stops=\u00bb#8b774f 56%|#f1eee8 100%\u00bb button_bg_color_gradient_start=\u00bb#8b774f\u00bb button_bg_color_gradient_start_position=\u00bb56%\u00bb button_bg_color_gradient_end=\u00bb#f1eee8&#8243; button_border_width=\u00bb0px\u00bb button_border_color=\u00bb#F1EEE8&#8243; button_border_radius=\u00bb0px\u00bb button_font=\u00bbTenor Sans||||||||\u00bb button_use_icon=\u00bbon\u00bb button_icon=\u00bb&#x39;||divi||400&#8243; button_icon_color=\u00bb#F1EEE8&#8243; button_on_hover=\u00bbon\u00bb button_alignment=\u00bbcenter\u00bb button_custom_margin=\u00bb5%||||false|false\u00bb button_custom_margin_tablet=\u00bb5%||||false|false\u00bb button_custom_margin_phone=\u00bb12%||||false|false\u00bb button_custom_margin_last_edited=\u00bbon|phone\u00bb button_custom_padding=\u00bb10px|20px|10px|20px|false|false\u00bb button_custom_padding_tablet=\u00bb10px|20px|10px|20px|false|false\u00bb button_custom_padding_phone=\u00bb|10px||10px|false|true\u00bb button_custom_padding_last_edited=\u00bbon|phone\u00bb text_orientation=\u00bbcenter\u00bb hover_enabled=\u00bb0&#8243; header_font_size_tablet=\u00bb70px\u00bb header_font_size_phone=\u00bb65px\u00bb header_font_size_last_edited=\u00bbon|tablet\u00bb header_line_height_tablet=\u00bb1.2em\u00bb header_line_height_phone=\u00bb0.9em\u00bb header_line_height_last_edited=\u00bbon|phone\u00bb body_line_height_tablet=\u00bb1.9em\u00bb body_line_height_phone=\u00bb1.9em\u00bb body_line_height_last_edited=\u00bbon|phone\u00bb background_color_phone=\u00bbrgba(12,12,12,0.47)\u00bb background_last_edited=\u00bbon|phone\u00bb background_enable_color_phone=\u00bbon\u00bb global_colors_info=\u00bb{}\u00bb button_bg_color__hover_enabled=\u00bbon|desktop\u00bb button_bg_color__hover=\u00bb#8B774F\u00bb button_bg_enable_color__hover=\u00bbon\u00bb sticky_transition=\u00bbon\u00bb sticky_enabled=\u00bb0&#8243;]<\/p>\n<p>vega de san mart\u00edn<\/p>\n<p>[\/et_pb_slide][et_pb_slide heading=\u00bbQueser\u00eda Artesanal\u00bb button_text=\u00bbnuestros productos\u00bb button_link=\u00bbhttps:\/\/vegadesanmartin.es\/tienda\u00bb _builder_version=\u00bb4.27.4&#8243; _module_preset=\u00bbdefault\u00bb header_font_size=\u00bb73px\u00bb header_line_height=\u00bb1.2em\u00bb body_line_height=\u00bb1.9em\u00bb background_image=\u00bbhttps:\/\/vegadesanmartin.es\/wp-content\/uploads\/Quesos-artesanales-y-de-calidad.jpg\u00bb background_enable_image=\u00bbon\u00bb custom_button=\u00bbon\u00bb button_text_size=\u00bb18px\u00bb button_text_color=\u00bb#F1EEE8&#8243; button_bg_color=\u00bb#821D21&#8243; button_bg_color_gradient_direction=\u00bb221deg\u00bb button_bg_color_gradient_stops=\u00bb#8b774f 56%|#f1eee8 100%\u00bb button_bg_color_gradient_start=\u00bb#8b774f\u00bb button_bg_color_gradient_start_position=\u00bb56%\u00bb button_bg_color_gradient_end=\u00bb#f1eee8&#8243; button_border_width=\u00bb0px\u00bb button_border_color=\u00bb#F1EEE8&#8243; button_border_radius=\u00bb0px\u00bb button_font=\u00bbTenor Sans||||||||\u00bb button_use_icon=\u00bbon\u00bb button_icon=\u00bb&#x39;||divi||400&#8243; button_icon_color=\u00bb#F1EEE8&#8243; button_on_hover=\u00bbon\u00bb button_alignment=\u00bbcenter\u00bb button_custom_margin=\u00bb5%||||false|false\u00bb button_custom_margin_tablet=\u00bb5%||||false|false\u00bb button_custom_margin_phone=\u00bb12%||||false|false\u00bb button_custom_margin_last_edited=\u00bbon|phone\u00bb button_custom_padding=\u00bb10px|20px|10px|20px|false|true\u00bb button_custom_padding_tablet=\u00bb10px|20px|10px|20px|false|true\u00bb button_custom_padding_phone=\u00bb|10px||10px|false|true\u00bb button_custom_padding_last_edited=\u00bbon|desktop\u00bb text_orientation=\u00bbcenter\u00bb hover_enabled=\u00bb0&#8243; header_font_size_tablet=\u00bb70px\u00bb header_font_size_phone=\u00bb65px\u00bb header_font_size_last_edited=\u00bbon|tablet\u00bb header_line_height_tablet=\u00bb1.2em\u00bb header_line_height_phone=\u00bb0.9em\u00bb header_line_height_last_edited=\u00bbon|phone\u00bb background_color_phone=\u00bbrgba(12,12,12,0.47)\u00bb background_last_edited=\u00bbon|phone\u00bb background_enable_color_phone=\u00bbon\u00bb global_colors_info=\u00bb{}\u00bb button_bg_color__hover_enabled=\u00bbon|desktop\u00bb button_bg_color__hover=\u00bb#8B774F\u00bb button_bg_enable_color__hover=\u00bbon\u00bb sticky_transition=\u00bbon\u00bb sticky_enabled=\u00bb0&#8243;]<\/p>\n<p>vega de san mart\u00edn<\/p>\n<p>[\/et_pb_slide][et_pb_slide heading=\u00bbQueser\u00eda Artesanal\u00bb button_text=\u00bbnuestros productos\u00bb button_link=\u00bbhttps:\/\/vegadesanmartin.es\/tienda\u00bb _builder_version=\u00bb4.27.4&#8243; _module_preset=\u00bbdefault\u00bb header_font_size=\u00bb73px\u00bb header_line_height=\u00bb1.2em\u00bb body_line_height=\u00bb1.9em\u00bb background_image=\u00bbhttps:\/\/vegadesanmartin.es\/wp-content\/uploads\/BOMBON-QUESO.jpg\u00bb background_enable_image=\u00bbon\u00bb custom_button=\u00bbon\u00bb button_text_size=\u00bb18px\u00bb button_text_color=\u00bb#F1EEE8&#8243; button_bg_color=\u00bb#821D21&#8243; button_bg_color_gradient_direction=\u00bb221deg\u00bb button_bg_color_gradient_stops=\u00bb#8b774f 56%|#f1eee8 100%\u00bb button_bg_color_gradient_start=\u00bb#8b774f\u00bb button_bg_color_gradient_start_position=\u00bb56%\u00bb button_bg_color_gradient_end=\u00bb#f1eee8&#8243; button_border_width=\u00bb0px\u00bb button_border_color=\u00bb#F1EEE8&#8243; button_border_radius=\u00bb0px\u00bb button_font=\u00bbTenor Sans||||||||\u00bb button_use_icon=\u00bbon\u00bb button_icon=\u00bb&#x39;||divi||400&#8243; button_icon_color=\u00bb#F1EEE8&#8243; button_on_hover=\u00bbon\u00bb button_alignment=\u00bbcenter\u00bb button_custom_margin=\u00bb5%||||false|false\u00bb button_custom_margin_tablet=\u00bb5%||||false|false\u00bb button_custom_margin_phone=\u00bb12%||||false|false\u00bb button_custom_margin_last_edited=\u00bbon|phone\u00bb button_custom_padding=\u00bb10px|20px|10px|20px|false|false\u00bb button_custom_padding_tablet=\u00bb10px|20px|10px|20px|false|false\u00bb button_custom_padding_phone=\u00bb|10px||10px|false|true\u00bb button_custom_padding_last_edited=\u00bbon|phone\u00bb text_orientation=\u00bbcenter\u00bb hover_enabled=\u00bb0&#8243; header_font_size_tablet=\u00bb70px\u00bb header_font_size_phone=\u00bb65px\u00bb header_font_size_last_edited=\u00bbon|tablet\u00bb header_line_height_tablet=\u00bb1.2em\u00bb header_line_height_phone=\u00bb0.9em\u00bb header_line_height_last_edited=\u00bbon|phone\u00bb background_color_phone=\u00bbrgba(12,12,12,0.47)\u00bb background_last_edited=\u00bbon|phone\u00bb background_enable_color_phone=\u00bbon\u00bb global_colors_info=\u00bb{}\u00bb button_text_color__hover_enabled=\u00bbon|desktop\u00bb button_bg_color__hover_enabled=\u00bbon|hover\u00bb button_bg_color__hover=\u00bb#8B774F\u00bb button_bg_enable_color__hover=\u00bbon\u00bb button_text_color__hover=\u00bb#F1EEE8&#8243; sticky_transition=\u00bbon\u00bb sticky_enabled=\u00bb0&#8243;]<\/p>\n<p>vega de san mart\u00edn<\/p>\n<p>[\/et_pb_slide][\/et_pb_fullwidth_slider][\/et_pb_section][et_pb_section fb_built=\u00bb1&#8243; _builder_version=\u00bb4.16&#8243; _module_preset=\u00bbdefault\u00bb background_color=\u00bb#FFFFFF\u00bb background_color_gradient_start=\u00bb#ffffff\u00bb background_color_gradient_end=\u00bb#f1eee8&#8243; width=\u00bb100%\u00bb max_width=\u00bb100%\u00bb custom_padding=\u00bb||14px|||\u00bb global_colors_info=\u00bb{}\u00bb][et_pb_row column_structure=\u00bb1_3,1_3,1_3&#8243; _builder_version=\u00bb4.16&#8243; _module_preset=\u00bbdefault\u00bb width=\u00bb100%\u00bb width_tablet=\u00bb90%\u00bb width_phone=\u00bb90%\u00bb width_last_edited=\u00bbon|tablet\u00bb global_colors_info=\u00bb{}\u00bb][et_pb_column type=\u00bb1_3&#8243; _builder_version=\u00bb4.16&#8243; _module_preset=\u00bbdefault\u00bb global_colors_info=\u00bb{}\u00bb][et_pb_icon font_icon=\u00bb&#xf086;||fa||900&#8243; icon_color=\u00bb#8B774F\u00bb icon_width=\u00bb40px\u00bb _builder_version=\u00bb4.16&#8243; _module_preset=\u00bbdefault\u00bb global_colors_info=\u00bb{}\u00bb][\/et_pb_icon][et_pb_text _builder_version=\u00bb4.16&#8243; _module_preset=\u00bbdefault\u00bb text_font=\u00bbTenor Sans||||||||\u00bb text_text_color=\u00bb#000000&#8243; text_font_size=\u00bb20px\u00bb global_colors_info=\u00bb{}\u00bb]<\/p>\n<p style=\"text-align: center;\">DUDAS<\/p>\n<p>[\/et_pb_text][et_pb_text _builder_version=\u00bb4.17.3&#8243; _module_preset=\u00bbdefault\u00bb custom_margin=\u00bb||||false|true\u00bb custom_padding=\u00bb||||false|false\u00bb global_colors_info=\u00bb{}\u00bb]<\/p>\n<p style=\"text-align: center;\">Ponte en contacto con nosotros en <a href=\"mailto:info@vegadesanmartin.es\">info@vegadesanmartin.es<\/a> o <a href=\"tel:91%20745%2001%2034\">917 45 01 34<\/a><\/p>\n<p>[\/et_pb_text][\/et_pb_column][et_pb_column type=\u00bb1_3&#8243; _builder_version=\u00bb4.16&#8243; _module_preset=\u00bbdefault\u00bb global_colors_info=\u00bb{}\u00bb][et_pb_icon font_icon=\u00bb&#xf48b;||fa||900&#8243; icon_color=\u00bb#8B774F\u00bb icon_width=\u00bb40px\u00bb _builder_version=\u00bb4.16&#8243; _module_preset=\u00bbdefault\u00bb global_colors_info=\u00bb{}\u00bb][\/et_pb_icon][et_pb_text _builder_version=\u00bb4.16&#8243; _module_preset=\u00bbdefault\u00bb text_font=\u00bbTenor Sans||||||||\u00bb text_text_color=\u00bb#000000&#8243; text_font_size=\u00bb20px\u00bb global_colors_info=\u00bb{}\u00bb]<\/p>\n<p style=\"text-align: center;\">ENV\u00cdO Y ENTREGA<\/p>\n<p>[\/et_pb_text][et_pb_text _builder_version=\u00bb4.16&#8243; _module_preset=\u00bbdefault\u00bb global_colors_info=\u00bb{}\u00bb]<\/p>\n<p style=\"text-align: center;\">Enviamos tu pedido en \u00f3ptimas condiciones sin que se rompa la cadena de fr\u00edo en 24\/72 horas laborables.<\/p>\n<p>[\/et_pb_text][\/et_pb_column][et_pb_column type=\u00bb1_3&#8243; _builder_version=\u00bb4.16&#8243; _module_preset=\u00bbdefault\u00bb global_colors_info=\u00bb{}\u00bb][et_pb_icon font_icon=\u00bb&#xe07a;||divi||400&#8243; icon_color=\u00bb#8B774F\u00bb icon_width=\u00bb40px\u00bb _builder_version=\u00bb4.16&#8243; _module_preset=\u00bbdefault\u00bb global_colors_info=\u00bb{}\u00bb][\/et_pb_icon][et_pb_text _builder_version=\u00bb4.16&#8243; _module_preset=\u00bbdefault\u00bb text_font=\u00bbTenor Sans||||||||\u00bb text_text_color=\u00bb#000000&#8243; text_font_size=\u00bb20px\u00bb global_colors_info=\u00bb{}\u00bb]<\/p>\n<p style=\"text-align: center;\">PEDIDOS<\/p>\n<p>[\/et_pb_text][et_pb_text _builder_version=\u00bb4.16&#8243; _module_preset=\u00bbdefault\u00bb global_colors_info=\u00bb{}\u00bb]<\/p>\n<p style=\"text-align: center;\">Env\u00edo gratuito a partir de compras superiores a 60\u20ac.<\/p>\n<p>[\/et_pb_text][\/et_pb_column][\/et_pb_row][et_pb_row _builder_version=\u00bb4.16&#8243; _module_preset=\u00bbdefault\u00bb custom_padding=\u00bb58px|||||\u00bb global_colors_info=\u00bb{}\u00bb][et_pb_column type=\u00bb4_4&#8243; _builder_version=\u00bb4.16&#8243; _module_preset=\u00bbdefault\u00bb global_colors_info=\u00bb{}\u00bb][et_pb_divider _builder_version=\u00bb4.16&#8243; _module_preset=\u00bbdefault\u00bb global_colors_info=\u00bb{}\u00bb][\/et_pb_divider][\/et_pb_column][\/et_pb_row][\/et_pb_section][et_pb_section fb_built=\u00bb1&#8243; specialty=\u00bbon\u00bb disabled_on=\u00bbon|on|off\u00bb _builder_version=\u00bb4.16&#8243; _module_preset=\u00bbdefault\u00bb background_enable_color=\u00bboff\u00bb custom_margin=\u00bb-2px|||||\u00bb global_colors_info=\u00bb{}\u00bb][et_pb_column type=\u00bb3_4&#8243; specialty_columns=\u00bb3&#8243; _builder_version=\u00bb4.16&#8243; custom_padding=\u00bb|||\u00bb global_colors_info=\u00bb{}\u00bb custom_padding__hover=\u00bb|||\u00bb][et_pb_row_inner custom_padding_last_edited=\u00bbon|phone\u00bb _builder_version=\u00bb4.16&#8243; _module_preset=\u00bbdefault\u00bb background_color=\u00bb#F1EEE8&#8243; custom_padding=\u00bb10%|22%|10%|12%|true|false\u00bb custom_padding_tablet=\u00bb10%|22%|10%|12%|true|false\u00bb custom_padding_phone=\u00bb|12%|||true|false\u00bb global_colors_info=\u00bb{}\u00bb][et_pb_column_inner saved_specialty_column_type=\u00bb3_4&#8243; _builder_version=\u00bb4.16&#8243; _module_preset=\u00bbdefault\u00bb global_colors_info=\u00bb{}\u00bb][et_pb_text _builder_version=\u00bb4.16&#8243; _module_preset=\u00bbdefault\u00bb text_font=\u00bbTenor Sans||||||||\u00bb text_text_color=\u00bb#821D21&#8243; text_font_size=\u00bb23px\u00bb text_letter_spacing=\u00bb1px\u00bb header_2_font=\u00bbTenor Sans||||||||\u00bb header_2_text_align=\u00bbleft\u00bb header_2_text_color=\u00bb#821D21&#8243; header_2_font_size=\u00bb25px\u00bb header_2_line_height=\u00bb1.4em\u00bb header_2_font_size_tablet=\u00bb25px\u00bb header_2_font_size_phone=\u00bb22px\u00bb header_2_font_size_last_edited=\u00bbon|phone\u00bb global_colors_info=\u00bb{}\u00bb]<\/p>\n<h2>5\u00aa GENERACI\u00d3N DE UNA FAMILIA AGR\u00cdCOLA Y GANADERA<\/h2>\n<p>[\/et_pb_text][et_pb_text _builder_version=\u00bb4.16&#8243; _module_preset=\u00bbdefault\u00bb text_orientation=\u00bbjustified\u00bb custom_margin=\u00bb34px|||||\u00bb custom_margin_tablet=\u00bb34px|||||\u00bb custom_margin_phone=\u00bb34px|||||\u00bb custom_margin_last_edited=\u00bbon|phone\u00bb text_font_size_tablet=\u00bb\u00bb text_font_size_phone=\u00bb\u00bb text_font_size_last_edited=\u00bbon|phone\u00bb text_orientation_tablet=\u00bbjustified\u00bb text_orientation_phone=\u00bbjustified\u00bb text_orientation_last_edited=\u00bbon|tablet\u00bb global_colors_info=\u00bb{}\u00bb]<\/p>\n<p>Vega de San Mart\u00edn es el fruto de la 5\u00aa generaci\u00f3n de una familia con una extensa tradici\u00f3n agr\u00edcola y ganadera. Hasta ahora nuestra familia solo se hab\u00eda dedicado a dar continuidad a esta tradici\u00f3n tan bonita y tan aut\u00e9ntica.<\/p>\n<p>Nuestros quesos solo exist\u00edan de \u00abpuertas adentro\u00bb pero fue a ra\u00edz de la entrada de la 5\u00aa generaci\u00f3n cuando hemos decidido compartir con todos vosotros nuestros quesos artesanos y familiares haci\u00e9ndolos con el mismo cari\u00f1o, esfuerzo e ilusi\u00f3n que nuestros antepasados.<\/p>\n<p>Se elaboran de manera artesanal, uno a uno, implic\u00e1ndonos en cada uno de los procesos de elaboraci\u00f3n de los mismos. Estos quesos artesanales buscan llegar a un consumidor que valore y aprecie los sabores tradicionales, naturales y que sepa que cada queso es \u00fanico y diferente. La leche de nuestras cabras se caracteriza por su cremosidad y su sabor \u00fanico lo que hace que podamos llegar a elaborar unos quesos con unos sabores, texturas y matices sorprendentes.<\/p>\n<p>[\/et_pb_text][\/et_pb_column_inner][\/et_pb_row_inner][\/et_pb_column][et_pb_column type=\u00bb1_4&#8243; _builder_version=\u00bb4.16&#8243; custom_padding=\u00bb|||\u00bb global_colors_info=\u00bb{}\u00bb custom_padding__hover=\u00bb|||\u00bb][et_pb_image src=\u00bbhttps:\/\/vegadesanmartin.es\/wp-content\/uploads\/cabras-queseri\u0301a-vega-de-san-marti\u0301n.jpg\u00bb alt=\u00bbcabras queseri\u0301a vega de san marti\u0301n en Madrid\u00bb title_text=\u00bbcabras queseri\u0301a vega de san marti\u0301n\u00bb align=\u00bbright\u00bb _builder_version=\u00bb4.16&#8243; _module_preset=\u00bbdefault\u00bb transform_scale=\u00bb126%|126%\u00bb transform_scale_tablet=\u00bb126%|126%\u00bb transform_scale_phone=\u00bb126%|126%\u00bb transform_scale_last_edited=\u00bbon|phone\u00bb transform_translate=\u00bb-80px|100px\u00bb transform_translate_tablet=\u00bb0px|0px\u00bb transform_translate_phone=\u00bb0px|0px\u00bb transform_translate_last_edited=\u00bbon|tablet\u00bb transform_translate_linked_tablet=\u00bboff\u00bb transform_translate_linked_phone=\u00bboff\u00bb transform_rotate_tablet=\u00bb\u00bb transform_rotate_phone=\u00bb\u00bb transform_rotate_last_edited=\u00bbon|phone\u00bb transform_skew_tablet=\u00bb\u00bb transform_skew_phone=\u00bb\u00bb transform_skew_last_edited=\u00bbon|phone\u00bb transform_origin_tablet=\u00bb\u00bb transform_origin_phone=\u00bb\u00bb transform_origin_last_edited=\u00bbon|phone\u00bb transform_styles_last_edited=\u00bbon|tablet\u00bb vertical_offset=\u00bb0px\u00bb horizontal_offset=\u00bb16px\u00bb width=\u00bb150%\u00bb width_tablet=\u00bb60%\u00bb width_phone=\u00bb70%\u00bb width_last_edited=\u00bbon|phone\u00bb transform_styles_tablet=\u00bb\u00bb transform_styles_phone=\u00bb\u00bb module_alignment_tablet=\u00bbcenter\u00bb module_alignment_phone=\u00bbcenter\u00bb module_alignment_last_edited=\u00bbon|tablet\u00bb global_colors_info=\u00bb{}\u00bb][\/et_pb_image][\/et_pb_column][\/et_pb_section][et_pb_section fb_built=\u00bb1&#8243; disabled_on=\u00bboff|off|on\u00bb _builder_version=\u00bb4.16&#8243; _module_preset=\u00bbdefault\u00bb global_colors_info=\u00bb{}\u00bb][et_pb_row _builder_version=\u00bb4.16&#8243; _module_preset=\u00bbdefault\u00bb global_colors_info=\u00bb{}\u00bb][et_pb_column type=\u00bb4_4&#8243; _builder_version=\u00bb4.16&#8243; _module_preset=\u00bbdefault\u00bb global_colors_info=\u00bb{}\u00bb][et_pb_image src=\u00bbhttps:\/\/vegadesanmartin.es\/wp-content\/uploads\/cabras-queseri\u0301a-vega-de-san-marti\u0301n.jpg\u00bb alt=\u00bbcabras queseri\u0301a vega de san marti\u0301n en Madrid\u00bb title_text=\u00bbcabras queseri\u0301a vega de san marti\u0301n\u00bb align=\u00bbright\u00bb _builder_version=\u00bb4.16&#8243; _module_preset=\u00bbdefault\u00bb transform_scale=\u00bb126%|126%\u00bb transform_scale_tablet=\u00bb126%|126%\u00bb transform_scale_phone=\u00bb126%|126%\u00bb transform_scale_last_edited=\u00bbon|phone\u00bb transform_translate_tablet=\u00bb0px|0px\u00bb transform_translate_phone=\u00bb0px|0px\u00bb transform_translate_last_edited=\u00bbon|tablet\u00bb transform_translate_linked_tablet=\u00bboff\u00bb transform_translate_linked_phone=\u00bboff\u00bb transform_rotate_tablet=\u00bb\u00bb transform_rotate_phone=\u00bb\u00bb transform_rotate_last_edited=\u00bbon|phone\u00bb transform_skew_tablet=\u00bb\u00bb transform_skew_phone=\u00bb\u00bb transform_skew_last_edited=\u00bbon|phone\u00bb transform_origin_tablet=\u00bb\u00bb transform_origin_phone=\u00bb\u00bb transform_origin_last_edited=\u00bbon|phone\u00bb transform_styles_last_edited=\u00bbon|tablet\u00bb vertical_offset=\u00bb0px\u00bb horizontal_offset=\u00bb16px\u00bb width=\u00bb39%\u00bb width_tablet=\u00bb60%\u00bb width_phone=\u00bb70%\u00bb width_last_edited=\u00bbon|phone\u00bb module_alignment=\u00bbcenter\u00bb transform_styles_tablet=\u00bb\u00bb transform_styles_phone=\u00bb\u00bb module_alignment_tablet=\u00bbcenter\u00bb module_alignment_phone=\u00bbcenter\u00bb module_alignment_last_edited=\u00bbon|phone\u00bb global_colors_info=\u00bb{}\u00bb][\/et_pb_image][\/et_pb_column][\/et_pb_row][et_pb_row custom_padding_last_edited=\u00bbon|phone\u00bb _builder_version=\u00bb4.16&#8243; _module_preset=\u00bbdefault\u00bb background_color=\u00bb#F1EEE8&#8243; custom_padding=\u00bb5%|4%|5%|5%|true|false\u00bb custom_padding_tablet=\u00bb10%|22%|10%|12%|true|false\u00bb custom_padding_phone=\u00bb|12%|||true|false\u00bb global_colors_info=\u00bb{}\u00bb][et_pb_column type=\u00bb4_4&#8243; _builder_version=\u00bb4.16&#8243; _module_preset=\u00bbdefault\u00bb global_colors_info=\u00bb{}\u00bb][et_pb_text _builder_version=\u00bb4.17.3&#8243; _module_preset=\u00bbdefault\u00bb text_font=\u00bbTenor Sans||||||||\u00bb text_text_color=\u00bb#821D21&#8243; text_font_size=\u00bb23px\u00bb text_letter_spacing=\u00bb1px\u00bb header_text_align=\u00bbleft\u00bb header_2_font=\u00bbTenor Sans||||||||\u00bb header_2_text_align=\u00bbcenter\u00bb header_2_text_color=\u00bb#821D21&#8243; header_2_font_size=\u00bb25px\u00bb header_2_line_height=\u00bb1.4em\u00bb custom_margin_tablet=\u00bb|||50px|false|false\u00bb custom_margin_phone=\u00bb|||0px|false|false\u00bb custom_margin_last_edited=\u00bbon|phone\u00bb header_2_font_size_tablet=\u00bb25px\u00bb header_2_font_size_phone=\u00bb19px\u00bb header_2_font_size_last_edited=\u00bbon|phone\u00bb global_colors_info=\u00bb{}\u00bb]<\/p>\n<h2>5\u00aa GENERACI\u00d3N DE UNA FAMILIA AGR\u00cdCOLA Y GANADERA<\/h2>\n<p>[\/et_pb_text][et_pb_text _builder_version=\u00bb4.16&#8243; _module_preset=\u00bbdefault\u00bb text_orientation=\u00bbjustified\u00bb custom_margin=\u00bb34px|||||\u00bb custom_margin_tablet=\u00bb34px|||50px|false|false\u00bb custom_margin_phone=\u00bb34px|||0px|false|false\u00bb custom_margin_last_edited=\u00bbon|phone\u00bb text_font_size_tablet=\u00bb\u00bb text_font_size_phone=\u00bb\u00bb text_font_size_last_edited=\u00bbon|phone\u00bb text_orientation_tablet=\u00bbjustified\u00bb text_orientation_phone=\u00bbleft\u00bb text_orientation_last_edited=\u00bbon|phone\u00bb global_colors_info=\u00bb{}\u00bb]<\/p>\n<p>Vega de San Mart\u00edn es el fruto de la 5\u00aa generaci\u00f3n de una familia con una extensa tradici\u00f3n agr\u00edcola y ganadera. Hasta ahora nuestra familia solo se hab\u00eda dedicado a dar continuidad a esta tradici\u00f3n tan bonita y tan aut\u00e9ntica.<\/p>\n<p>Nuestros quesos solo exist\u00edan de \u00abpuertas adentro\u00bb pero fue a ra\u00edz de la entrada de la 5\u00aa generaci\u00f3n cuando hemos decidido compartir con todos vosotros nuestros quesos artesanos y familiares haci\u00e9ndolos con el mismo cari\u00f1o, esfuerzo e ilusi\u00f3n que nuestros antepasados.<\/p>\n<p>Se elaboran de manera artesanal, uno a uno, implic\u00e1ndonos en cada uno de los procesos de elaboraci\u00f3n de los mismos. Estos quesos artesanales buscan llegar a un consumidor que valore y aprecie los sabores tradicionales, naturales y que sepa que cada queso es \u00fanico y diferente. La leche de nuestras cabras se caracteriza por su cremosidad y su sabor \u00fanico lo que hace podamos llegar a hacer unos quesos con unos sabores, texturas y matices sorprendentes.<\/p>\n<p>[\/et_pb_text][\/et_pb_column][\/et_pb_row][\/et_pb_section][et_pb_section fb_built=\u00bb1&#8243; custom_padding_last_edited=\u00bbon|phone\u00bb disabled_on=\u00bboff|off|off\u00bb _builder_version=\u00bb4.16&#8243; _module_preset=\u00bbdefault\u00bb custom_margin=\u00bb||||false|false\u00bb custom_margin_tablet=\u00bb||||false|false\u00bb custom_margin_phone=\u00bb||||false|false\u00bb custom_margin_last_edited=\u00bbon|phone\u00bb custom_padding_tablet=\u00bb||||true|false\u00bb custom_padding_phone=\u00bb0px||20%||false|false\u00bb global_colors_info=\u00bb{}\u00bb][et_pb_row _builder_version=\u00bb4.16&#8243; _module_preset=\u00bbdefault\u00bb global_colors_info=\u00bb{}\u00bb][et_pb_column type=\u00bb4_4&#8243; _builder_version=\u00bb4.16&#8243; _module_preset=\u00bbdefault\u00bb global_colors_info=\u00bb{}\u00bb][et_pb_text _builder_version=\u00bb4.16&#8243; _module_preset=\u00bbdefault\u00bb text_font=\u00bbCormorant Garamond|600|||||||\u00bb text_text_color=\u00bb#8B774F\u00bb text_font_size=\u00bb34px\u00bb text_line_height=\u00bb1.2em\u00bb text_orientation=\u00bbcenter\u00bb text_font_size_tablet=\u00bb34px\u00bb text_font_size_phone=\u00bb29px\u00bb text_font_size_last_edited=\u00bbon|phone\u00bb global_colors_info=\u00bb{}\u00bb]<\/p>\n<p><span>PREMIOS QUE FORMAN PARTE DE NUESTRA HISTORIA<\/span><\/p>\n<p>[\/et_pb_text][\/et_pb_column][\/et_pb_row][et_pb_row column_structure=\u00bb1_5,1_5,1_5,1_5,1_5&#8243; use_custom_gutter=\u00bbon\u00bb gutter_width=\u00bb1&#8243; custom_padding_last_edited=\u00bbon|tablet\u00bb module_class=\u00bbcinco_filas\u00bb _builder_version=\u00bb4.19.4&#8243; _module_preset=\u00bbdefault\u00bb width=\u00bb45%\u00bb width_tablet=\u00bb90%\u00bb width_phone=\u00bb90%\u00bb width_last_edited=\u00bbon|tablet\u00bb custom_margin=\u00bb2%||||false|false\u00bb custom_margin_tablet=\u00bb||10px||false|false\u00bb custom_margin_phone=\u00bb|0px|||false|false\u00bb custom_margin_last_edited=\u00bbon|tablet\u00bb custom_padding_tablet=\u00bb0px|||50px|false|false\u00bb custom_padding_phone=\u00bb0px|25px|0px|25px|true|true\u00bb global_colors_info=\u00bb{}\u00bb][et_pb_column type=\u00bb1_5&#8243; _builder_version=\u00bb4.16&#8243; _module_preset=\u00bbdefault\u00bb custom_padding_tablet=\u00bb\u00bb custom_padding_phone=\u00bb||||false|false\u00bb custom_padding_last_edited=\u00bbon|phone\u00bb global_colors_info=\u00bb{}\u00bb][et_pb_image src=\u00bbhttps:\/\/vegadesanmartin.es\/wp-content\/uploads\/PREMIO-RULO-MEJOR-QUESO-DE-CABRA-COMUNIDAD-DE-MADRID-1.png\u00bb alt=\u00bbPREMIOS QUESOS ARTESANOS DE ESPA\u00d1A &#8211; MEJOR QUESO DE CABRA\u00bb title_text=\u00bbPREMIO RULO MEJOR QUESO DE CABRA COMUNIDAD DE MADRID\u00bb show_in_lightbox=\u00bbon\u00bb align=\u00bbcenter\u00bb align_tablet=\u00bbcenter\u00bb align_phone=\u00bbcenter\u00bb align_last_edited=\u00bbon|desktop\u00bb _builder_version=\u00bb4.16&#8243; _module_preset=\u00bbdefault\u00bb max_width=\u00bb90%\u00bb max_width_tablet=\u00bb90%\u00bb max_width_phone=\u00bb90%\u00bb max_width_last_edited=\u00bbon|phone\u00bb custom_margin_tablet=\u00bb\u00bb custom_margin_phone=\u00bb||||false|false\u00bb custom_margin_last_edited=\u00bbon|tablet\u00bb global_colors_info=\u00bb{}\u00bb][\/et_pb_image][\/et_pb_column][et_pb_column type=\u00bb1_5&#8243; _builder_version=\u00bb4.16&#8243; _module_preset=\u00bbdefault\u00bb global_colors_info=\u00bb{}\u00bb][et_pb_image src=\u00bbhttps:\/\/vegadesanmartin.es\/wp-content\/uploads\/PREMIO-RULO-FICADE-2013.png\u00bb alt=\u00bbPREMIO RULO FICADE 2013&#8243; title_text=\u00bbII CONCURSO DE QUESOS DE CABRA\u00bb show_in_lightbox=\u00bbon\u00bb align=\u00bbcenter\u00bb align_tablet=\u00bbcenter\u00bb align_phone=\u00bbcenter\u00bb align_last_edited=\u00bbon|phone\u00bb _builder_version=\u00bb4.16&#8243; _module_preset=\u00bbdefault\u00bb max_width=\u00bb90%\u00bb max_width_tablet=\u00bb90%\u00bb max_width_phone=\u00bb90%\u00bb max_width_last_edited=\u00bbon|phone\u00bb custom_margin=\u00bb20px||||false|false\u00bb custom_margin_tablet=\u00bb20px||||false|false\u00bb custom_margin_phone=\u00bb10px||||false|false\u00bb custom_margin_last_edited=\u00bbon|desktop\u00bb global_colors_info=\u00bb{}\u00bb][\/et_pb_image][\/et_pb_column][et_pb_column type=\u00bb1_5&#8243; _builder_version=\u00bb4.16&#8243; _module_preset=\u00bbdefault\u00bb global_colors_info=\u00bb{}\u00bb][et_pb_image src=\u00bbhttps:\/\/vegadesanmartin.es\/wp-content\/uploads\/Concurso-Internacional-de-Queso-de-Cabra-CAPRAESPAN\u0303A-2015.png\u00bb alt=\u00bbConcurso Internacional de Queso de Cabra CAPRAESPAN\u0303A Internacional 2015&#8243; title_text=\u00bbConcurso Internacional de Queso de Cabra CAPRAESPAN\u0303A 2015&#8243; show_in_lightbox=\u00bbon\u00bb align=\u00bbcenter\u00bb align_tablet=\u00bbcenter\u00bb align_phone=\u00bbcenter\u00bb align_last_edited=\u00bbon|phone\u00bb _builder_version=\u00bb4.19.4&#8243; _module_preset=\u00bbdefault\u00bb max_width=\u00bb90%\u00bb max_width_tablet=\u00bb90%\u00bb max_width_phone=\u00bb90%\u00bb max_width_last_edited=\u00bbon|phone\u00bb custom_margin=\u00bb15px||||false|false\u00bb custom_margin_tablet=\u00bb||||false|false\u00bb custom_margin_phone=\u00bb10px||||false|false\u00bb custom_margin_last_edited=\u00bbon|phone\u00bb custom_padding=\u00bb||||false|false\u00bb custom_padding_tablet=\u00bb||||false|false\u00bb custom_padding_phone=\u00bb|2px|||false|false\u00bb custom_padding_last_edited=\u00bbon|phone\u00bb module_alignment_tablet=\u00bb\u00bb module_alignment_phone=\u00bb\u00bb module_alignment_last_edited=\u00bbon|phone\u00bb global_colors_info=\u00bb{}\u00bb][\/et_pb_image][\/et_pb_column][et_pb_column type=\u00bb1_5&#8243; _builder_version=\u00bb4.16&#8243; _module_preset=\u00bbdefault\u00bb global_colors_info=\u00bb{}\u00bb][et_pb_image src=\u00bbhttps:\/\/vegadesanmartin.es\/wp-content\/uploads\/ORO-QUESO-DE-PASTA-BLANDA-1.png\u00bb alt=\u00bbConcurso Internacional de Queso de Cabra CAPRAESPA\u00d1A ORO 2015&#8243; title_text=\u00bbORO QUESO DE PASTA BLANDA\u00bb show_in_lightbox=\u00bbon\u00bb align=\u00bbcenter\u00bb _builder_version=\u00bb4.16&#8243; _module_preset=\u00bbdefault\u00bb max_width=\u00bb90%\u00bb max_width_tablet=\u00bb90%\u00bb max_width_phone=\u00bb90%\u00bb max_width_last_edited=\u00bbon|phone\u00bb custom_margin_tablet=\u00bb\u00bb custom_margin_phone=\u00bb\u00bb custom_margin_last_edited=\u00bbon|tablet\u00bb global_colors_info=\u00bb{}\u00bb][\/et_pb_image][\/et_pb_column][et_pb_column type=\u00bb1_5&#8243; _builder_version=\u00bb4.16&#8243; _module_preset=\u00bbdefault\u00bb global_colors_info=\u00bb{}\u00bb][et_pb_image src=\u00bbhttps:\/\/vegadesanmartin.es\/wp-content\/uploads\/16-PLata-WCA-2013.jpg\u00bb alt=\u00bbPremio World Cheese Awards PLATA 2013&#8243; title_text=\u00bbPremio PLata WCA 2013&#8243; show_in_lightbox=\u00bbon\u00bb align=\u00bbcenter\u00bb _builder_version=\u00bb4.19.4&#8243; _module_preset=\u00bbdefault\u00bb max_width=\u00bb88%\u00bb max_width_tablet=\u00bb90%\u00bb max_width_phone=\u00bb90%\u00bb max_width_last_edited=\u00bbon|desktop\u00bb global_colors_info=\u00bb{}\u00bb][\/et_pb_image][\/et_pb_column][\/et_pb_row][et_pb_row column_structure=\u00bb1_5,1_5,1_5,1_5,1_5&#8243; use_custom_gutter=\u00bbon\u00bb gutter_width=\u00bb1&#8243; custom_padding_last_edited=\u00bbon|phone\u00bb module_class=\u00bbcinco_filas\u00bb _builder_version=\u00bb4.16&#8243; _module_preset=\u00bbdefault\u00bb width=\u00bb45%\u00bb width_tablet=\u00bb90%\u00bb width_phone=\u00bb90%\u00bb width_last_edited=\u00bbon|tablet\u00bb custom_margin=\u00bb||||false|false\u00bb custom_margin_tablet=\u00bb||10px||false|false\u00bb custom_margin_phone=\u00bb|0px|||false|false\u00bb custom_margin_last_edited=\u00bbon|tablet\u00bb custom_padding_tablet=\u00bb0px|||50px|false|false\u00bb custom_padding_phone=\u00bb0px|25px|0px|25px|true|true\u00bb global_colors_info=\u00bb{}\u00bb][et_pb_column type=\u00bb1_5&#8243; _builder_version=\u00bb4.16&#8243; _module_preset=\u00bbdefault\u00bb custom_padding_tablet=\u00bb\u00bb custom_padding_phone=\u00bb||||false|false\u00bb custom_padding_last_edited=\u00bbon|phone\u00bb global_colors_info=\u00bb{}\u00bb][et_pb_image src=\u00bbhttps:\/\/vegadesanmartin.es\/wp-content\/uploads\/15-WCA-BRONCE.jpg\u00bb alt=\u00bbPremio World Cheese Awards BRONCE 2014&#8243; title_text=\u00bbWCA BRONCE 2014&#8243; show_in_lightbox=\u00bbon\u00bb align=\u00bbcenter\u00bb _builder_version=\u00bb4.16&#8243; _module_preset=\u00bbdefault\u00bb max_width=\u00bb90%\u00bb max_width_tablet=\u00bb90%\u00bb max_width_phone=\u00bb\u00bb max_width_last_edited=\u00bbon|desktop\u00bb custom_margin_tablet=\u00bb||||false|false\u00bb custom_margin_phone=\u00bb||||false|false\u00bb custom_margin_last_edited=\u00bbon|desktop\u00bb global_colors_info=\u00bb{}\u00bb][\/et_pb_image][\/et_pb_column][et_pb_column type=\u00bb1_5&#8243; _builder_version=\u00bb4.16&#8243; _module_preset=\u00bbdefault\u00bb global_colors_info=\u00bb{}\u00bb][et_pb_image src=\u00bbhttps:\/\/vegadesanmartin.es\/wp-content\/uploads\/PREMIO-WOLD-CHEESE-AWARDS-BRONZE-2015-2016.png\u00bb alt=\u00bbGANADOR WORLD CHEESE AWARDS BRONZE 2015 \/ 2016&#8243; title_text=\u00bbPREMIO WOLD CHEESE AWARDS BRONZE 2015 &#8211; 2016&#8243; show_in_lightbox=\u00bbon\u00bb align=\u00bbcenter\u00bb align_tablet=\u00bbcenter\u00bb align_phone=\u00bbcenter\u00bb align_last_edited=\u00bbon|desktop\u00bb _builder_version=\u00bb4.16&#8243; _module_preset=\u00bbdefault\u00bb max_width=\u00bb90%\u00bb max_width_tablet=\u00bb90%\u00bb max_width_phone=\u00bb90%\u00bb max_width_last_edited=\u00bbon|phone\u00bb custom_margin_tablet=\u00bb\u00bb custom_margin_phone=\u00bb\u00bb custom_margin_last_edited=\u00bbon|phone\u00bb global_colors_info=\u00bb{}\u00bb][\/et_pb_image][\/et_pb_column][et_pb_column type=\u00bb1_5&#8243; _builder_version=\u00bb4.16&#8243; _module_preset=\u00bbdefault\u00bb global_colors_info=\u00bb{}\u00bb][et_pb_image src=\u00bbhttps:\/\/vegadesanmartin.es\/wp-content\/uploads\/10-WCA-16-silver.jpg\u00bb alt=\u00bbPremio World Cheese Awards PLATA 2016 &#8211; 2017&#8243; title_text=\u00bbWORLD CHEESE AWARDS SILVER\u00bb show_in_lightbox=\u00bbon\u00bb align=\u00bbcenter\u00bb align_tablet=\u00bbcenter\u00bb align_phone=\u00bbcenter\u00bb align_last_edited=\u00bbon|phone\u00bb _builder_version=\u00bb4.16&#8243; _module_preset=\u00bbdefault\u00bb max_width=\u00bb88%\u00bb max_width_tablet=\u00bb90%\u00bb max_width_phone=\u00bb90%\u00bb max_width_last_edited=\u00bbon|desktop\u00bb custom_margin=\u00bb||||false|false\u00bb custom_margin_tablet=\u00bb||||false|false\u00bb custom_margin_phone=\u00bb||||false|false\u00bb custom_margin_last_edited=\u00bbon|phone\u00bb global_colors_info=\u00bb{}\u00bb][\/et_pb_image][\/et_pb_column][et_pb_column type=\u00bb1_5&#8243; _builder_version=\u00bb4.16&#8243; _module_preset=\u00bbdefault\u00bb global_colors_info=\u00bb{}\u00bb][et_pb_image src=\u00bbhttps:\/\/vegadesanmartin.es\/wp-content\/uploads\/7-WCA-2017.jpg\u00bb alt=\u00bbPremio World Cheese Awards 2017 &#8211; 2018&#8243; title_text=\u00bbWorld Cheese Awards 2017-2018&#8243; show_in_lightbox=\u00bbon\u00bb _builder_version=\u00bb4.19.4&#8243; _module_preset=\u00bbdefault\u00bb width=\u00bb101%\u00bb width_tablet=\u00bb134%\u00bb width_phone=\u00bb100%\u00bb width_last_edited=\u00bbon|tablet\u00bb custom_margin=\u00bb17px||||false|false\u00bb custom_margin_tablet=\u00bb17px||||false|false\u00bb custom_margin_phone=\u00bb5px||||false|false\u00bb custom_margin_last_edited=\u00bbon|phone\u00bb custom_padding=\u00bb0px||||false|false\u00bb custom_padding_tablet=\u00bb||||false|false\u00bb custom_padding_phone=\u00bb||||false|false\u00bb custom_padding_last_edited=\u00bbon|phone\u00bb module_alignment_tablet=\u00bb\u00bb module_alignment_phone=\u00bb\u00bb module_alignment_last_edited=\u00bbon|phone\u00bb global_colors_info=\u00bb{}\u00bb][\/et_pb_image][\/et_pb_column][et_pb_column type=\u00bb1_5&#8243; _builder_version=\u00bb4.16&#8243; _module_preset=\u00bbdefault\u00bb global_colors_info=\u00bb{}\u00bb][et_pb_image src=\u00bbhttps:\/\/vegadesanmartin.es\/wp-content\/uploads\/PREMIO-MAESTRO-QUESERO-2019.png\u00bb alt=\u00bbPremio Nacional Maestro Quesero 2019&#8243; title_text=\u00bbPREMIO MAESTRO QUESERO 2019&#8243; show_in_lightbox=\u00bbon\u00bb align=\u00bbcenter\u00bb _builder_version=\u00bb4.16&#8243; _module_preset=\u00bbdefault\u00bb max_width=\u00bb90%\u00bb max_width_tablet=\u00bb90%\u00bb max_width_phone=\u00bb\u00bb max_width_last_edited=\u00bbon|desktop\u00bb custom_margin_tablet=\u00bb||||false|false\u00bb custom_margin_phone=\u00bb||||false|false\u00bb custom_margin_last_edited=\u00bbon|desktop\u00bb global_colors_info=\u00bb{}\u00bb][\/et_pb_image][\/et_pb_column][\/et_pb_row][et_pb_row column_structure=\u00bb1_5,1_5,1_5,1_5,1_5&#8243; use_custom_gutter=\u00bbon\u00bb gutter_width=\u00bb1&#8243; custom_padding_last_edited=\u00bbon|phone\u00bb module_class=\u00bbcinco_filas\u00bb _builder_version=\u00bb4.16&#8243; _module_preset=\u00bbdefault\u00bb width=\u00bb45%\u00bb width_tablet=\u00bb90%\u00bb width_phone=\u00bb90%\u00bb width_last_edited=\u00bbon|tablet\u00bb custom_margin=\u00bb||||false|false\u00bb custom_margin_tablet=\u00bb||10px||false|false\u00bb custom_margin_phone=\u00bb|0px|||false|false\u00bb custom_margin_last_edited=\u00bbon|desktop\u00bb custom_padding_tablet=\u00bb0px|||50px|false|false\u00bb custom_padding_phone=\u00bb0px|25px|0px|25px|true|true\u00bb global_colors_info=\u00bb{}\u00bb][et_pb_column type=\u00bb1_5&#8243; _builder_version=\u00bb4.16&#8243; _module_preset=\u00bbdefault\u00bb custom_padding_tablet=\u00bb\u00bb custom_padding_phone=\u00bb||||false|false\u00bb custom_padding_last_edited=\u00bbon|phone\u00bb global_colors_info=\u00bb{}\u00bb][et_pb_image src=\u00bbhttps:\/\/vegadesanmartin.es\/wp-content\/uploads\/5-OCTUBRE-20.jpg\u00bb alt=\u00bbPremio World Cheese Awards Bergamo Italy 2019 &#8211; 2020&#8243; title_text=\u00bb5 OCTUBRE 20&#8243; show_in_lightbox=\u00bbon\u00bb _builder_version=\u00bb4.16&#8243; _module_preset=\u00bbdefault\u00bb global_colors_info=\u00bb{}\u00bb][\/et_pb_image][\/et_pb_column][et_pb_column type=\u00bb1_5&#8243; _builder_version=\u00bb4.16&#8243; _module_preset=\u00bbdefault\u00bb global_colors_info=\u00bb{}\u00bb][et_pb_image src=\u00bbhttps:\/\/vegadesanmartin.es\/wp-content\/uploads\/WORDL-CHEESE-AWARDS-SILVER.jpg\u00bb alt=\u00bbPremio World Cheese Awards PLATA 2021 &#8211; 2022&#8243; title_text=\u00bbWORDL CHEESE AWARDS SILVER\u00bb show_in_lightbox=\u00bbon\u00bb align=\u00bbcenter\u00bb align_tablet=\u00bbcenter\u00bb align_phone=\u00bbcenter\u00bb align_last_edited=\u00bbon|desktop\u00bb _builder_version=\u00bb4.16&#8243; _module_preset=\u00bbdefault\u00bb max_width=\u00bb90%\u00bb max_width_tablet=\u00bb90%\u00bb max_width_phone=\u00bb90%\u00bb max_width_last_edited=\u00bbon|phone\u00bb custom_margin_tablet=\u00bb\u00bb custom_margin_phone=\u00bb\u00bb custom_margin_last_edited=\u00bbon|phone\u00bb global_colors_info=\u00bb{}\u00bb][\/et_pb_image][\/et_pb_column][et_pb_column type=\u00bb1_5&#8243; _builder_version=\u00bb4.16&#8243; _module_preset=\u00bbdefault\u00bb global_colors_info=\u00bb{}\u00bb][et_pb_image src=\u00bbhttps:\/\/vegadesanmartin.es\/wp-content\/uploads\/WORLD-CHEESE-AWARDS-BRONZE.jpg\u00bb alt=\u00bbPremio World Cheese Awards BRONCE 2021 &#8211; 2022&#8243; title_text=\u00bbWORLD CHEESE AWARDS BRONZE\u00bb show_in_lightbox=\u00bbon\u00bb align=\u00bbcenter\u00bb align_tablet=\u00bbcenter\u00bb align_phone=\u00bbcenter\u00bb align_last_edited=\u00bbon|phone\u00bb _builder_version=\u00bb4.16&#8243; _module_preset=\u00bbdefault\u00bb max_width=\u00bb88%\u00bb max_width_tablet=\u00bb90%\u00bb max_width_phone=\u00bb90%\u00bb max_width_last_edited=\u00bbon|desktop\u00bb custom_margin=\u00bb||||false|false\u00bb custom_margin_tablet=\u00bb||||false|false\u00bb custom_margin_phone=\u00bb||||false|false\u00bb custom_margin_last_edited=\u00bbon|phone\u00bb global_colors_info=\u00bb{}\u00bb][\/et_pb_image][\/et_pb_column][et_pb_column type=\u00bb1_5&#8243; _builder_version=\u00bb4.16&#8243; _module_preset=\u00bbdefault\u00bb global_colors_info=\u00bb{}\u00bb][et_pb_image src=\u00bbhttps:\/\/vegadesanmartin.es\/wp-content\/uploads\/WORLD-CHEESE-AWARDS-GOLD.jpg\u00bb alt=\u00bbPremio World Cheese Awards ORO 2021 &#8211; 2022&#8243; title_text=\u00bbWORLD CHEESE AWARDS GOLD\u00bb show_in_lightbox=\u00bbon\u00bb align=\u00bbcenter\u00bb align_tablet=\u00bbcenter\u00bb align_phone=\u00bbcenter\u00bb align_last_edited=\u00bbon|phone\u00bb _builder_version=\u00bb4.16&#8243; _module_preset=\u00bbdefault\u00bb max_width=\u00bb90%\u00bb max_width_tablet=\u00bb90%\u00bb max_width_phone=\u00bb90%\u00bb max_width_last_edited=\u00bbon|desktop\u00bb height_tablet=\u00bb\u00bb height_phone=\u00bb\u00bb height_last_edited=\u00bbon|tablet\u00bb custom_margin_tablet=\u00bb\u00bb custom_margin_phone=\u00bb|1px||1px|false|false\u00bb custom_margin_last_edited=\u00bbon|phone\u00bb global_colors_info=\u00bb{}\u00bb][\/et_pb_image][\/et_pb_column][et_pb_column type=\u00bb1_5&#8243; _builder_version=\u00bb4.16&#8243; _module_preset=\u00bbdefault\u00bb global_colors_info=\u00bb{}\u00bb][et_pb_image src=\u00bbhttps:\/\/vegadesanmartin.es\/wp-content\/uploads\/Premio-Mejores-Quesos-de-Madrid-M-DE-MADRID.jpg\u00bb alt=\u00bbPremio Mejor Queso M &#8211; Producto Certificado Madrid 2021&#8243; title_text=\u00bbPremio Mejores Quesos de Madrid M DE MADRID\u00bb show_in_lightbox=\u00bbon\u00bb align=\u00bbcenter\u00bb align_tablet=\u00bbcenter\u00bb align_phone=\u00bbcenter\u00bb align_last_edited=\u00bbon|desktop\u00bb _builder_version=\u00bb4.19.4&#8243; _module_preset=\u00bbdefault\u00bb max_width=\u00bb90%\u00bb max_width_tablet=\u00bb90%\u00bb max_width_phone=\u00bb90%\u00bb max_width_last_edited=\u00bbon|phone\u00bb custom_margin_tablet=\u00bb\u00bb custom_margin_phone=\u00bb||||false|false\u00bb custom_margin_last_edited=\u00bbon|tablet\u00bb custom_padding=\u00bb14%||||false|false\u00bb global_colors_info=\u00bb{}\u00bb][\/et_pb_image][\/et_pb_column][\/et_pb_row][et_pb_row column_structure=\u00bb1_5,1_5,1_5,1_5,1_5&#8243; use_custom_gutter=\u00bbon\u00bb gutter_width=\u00bb1&#8243; custom_padding_last_edited=\u00bbon|phone\u00bb module_class=\u00bbcinco_filas\u00bb _builder_version=\u00bb4.16&#8243; _module_preset=\u00bbdefault\u00bb width=\u00bb45%\u00bb width_tablet=\u00bb90%\u00bb width_phone=\u00bb90%\u00bb width_last_edited=\u00bbon|tablet\u00bb custom_margin=\u00bb||||false|false\u00bb custom_margin_tablet=\u00bb||10px||false|false\u00bb custom_margin_phone=\u00bb|0px|||false|false\u00bb custom_margin_last_edited=\u00bbon|desktop\u00bb custom_padding_tablet=\u00bb0px|||50px|false|false\u00bb custom_padding_phone=\u00bb0px|25px|0px|25px|true|true\u00bb global_colors_info=\u00bb{}\u00bb][et_pb_column type=\u00bb1_5&#8243; _builder_version=\u00bb4.16&#8243; _module_preset=\u00bbdefault\u00bb custom_padding_tablet=\u00bb\u00bb custom_padding_phone=\u00bb||||false|false\u00bb custom_padding_last_edited=\u00bbon|phone\u00bb global_colors_info=\u00bb{}\u00bb][et_pb_image src=\u00bbhttps:\/\/vegadesanmartin.es\/wp-content\/uploads\/Premio-Mejores-Quesos-de-Madrid-PASTA-BLANDA.jpg\u00bb alt=\u00bbPremio Mejor Queso PASTA BLANDA Madrid 2021&#8243; title_text=\u00bbPremio Mejores Quesos de Madrid PASTA BLANDA\u00bb show_in_lightbox=\u00bbon\u00bb align=\u00bbcenter\u00bb align_tablet=\u00bbcenter\u00bb align_phone=\u00bbcenter\u00bb align_last_edited=\u00bbon|phone\u00bb _builder_version=\u00bb4.19.4&#8243; _module_preset=\u00bbdefault\u00bb max_width=\u00bb90%\u00bb max_width_tablet=\u00bb90%\u00bb max_width_phone=\u00bb90%\u00bb max_width_last_edited=\u00bbon|phone\u00bb custom_margin=\u00bb||||false|false\u00bb custom_margin_tablet=\u00bb10px||||false|false\u00bb custom_margin_phone=\u00bb2px||||false|false\u00bb custom_margin_last_edited=\u00bbon|phone\u00bb global_colors_info=\u00bb{}\u00bb][\/et_pb_image][\/et_pb_column][et_pb_column type=\u00bb1_5&#8243; _builder_version=\u00bb4.16&#8243; _module_preset=\u00bbdefault\u00bb global_colors_info=\u00bb{}\u00bb][et_pb_image src=\u00bbhttps:\/\/vegadesanmartin.es\/wp-content\/uploads\/Premio-Mejores-Quesos-de-Madrid-PASTOR.jpg\u00bb alt=\u00bbPremio Mejor Queso PASTOR Madrid 2021&#8243; title_text=\u00bbPremio Mejores Quesos de Madrid PASTOR\u00bb show_in_lightbox=\u00bbon\u00bb align=\u00bbcenter\u00bb align_tablet=\u00bbcenter\u00bb align_phone=\u00bbcenter\u00bb align_last_edited=\u00bbon|phone\u00bb _builder_version=\u00bb4.19.4&#8243; _module_preset=\u00bbdefault\u00bb max_width=\u00bb90%\u00bb max_width_tablet=\u00bb90%\u00bb max_width_phone=\u00bb90%\u00bb max_width_last_edited=\u00bbon|phone\u00bb custom_margin=\u00bb||||false|false\u00bb custom_margin_tablet=\u00bb10px||||false|false\u00bb custom_margin_phone=\u00bb6px||||false|false\u00bb custom_margin_last_edited=\u00bbon|phone\u00bb custom_padding=\u00bb||||false|false\u00bb custom_padding_tablet=\u00bb||||false|false\u00bb custom_padding_phone=\u00bb||||false|false\u00bb custom_padding_last_edited=\u00bbon|phone\u00bb module_alignment_tablet=\u00bb\u00bb module_alignment_phone=\u00bb\u00bb module_alignment_last_edited=\u00bbon|phone\u00bb global_colors_info=\u00bb{}\u00bb][\/et_pb_image][\/et_pb_column][et_pb_column type=\u00bb1_5&#8243; _builder_version=\u00bb4.16&#8243; _module_preset=\u00bbdefault\u00bb global_colors_info=\u00bb{}\u00bb][et_pb_image src=\u00bbhttps:\/\/vegadesanmartin.es\/wp-content\/uploads\/concurso-internacional-de-LYON-2022.png\u00bb alt=\u00bbConcurso Internacional de LYON PLATA 2022&#8243; title_text=\u00bbconcurso internacional de LYON 2022&#8243; show_in_lightbox=\u00bbon\u00bb align=\u00bbcenter\u00bb _builder_version=\u00bb4.19.4&#8243; _module_preset=\u00bbdefault\u00bb max_width=\u00bb74%\u00bb max_width_tablet=\u00bb73%\u00bb max_width_phone=\u00bb73%\u00bb max_width_last_edited=\u00bbon|phone\u00bb module_alignment=\u00bbcenter\u00bb custom_margin_tablet=\u00bb\u00bb custom_margin_phone=\u00bb3px||||false|false\u00bb custom_margin_last_edited=\u00bbon|phone\u00bb global_colors_info=\u00bb{}\u00bb][\/et_pb_image][\/et_pb_column][et_pb_column type=\u00bb1_5&#8243; _builder_version=\u00bb4.16&#8243; _module_preset=\u00bbdefault\u00bb global_colors_info=\u00bb{}\u00bb][et_pb_image src=\u00bbhttps:\/\/vegadesanmartin.es\/wp-content\/uploads\/03.1-CINCHO.jpg\u00bb alt=\u00bbCINCHO CHEESE AWARDS 2022 PLATA\u00bb title_text=\u00bbCINCHO CHEESE AWARDS 2022 PLATA\u00bb show_in_lightbox=\u00bbon\u00bb align=\u00bbcenter\u00bb _builder_version=\u00bb4.19.4&#8243; _module_preset=\u00bbdefault\u00bb max_width=\u00bb84%\u00bb max_width_tablet=\u00bb73%\u00bb max_width_phone=\u00bb73%\u00bb max_width_last_edited=\u00bbon|phone\u00bb module_alignment=\u00bbcenter\u00bb custom_margin_tablet=\u00bb14px||||false|false\u00bb custom_margin_phone=\u00bb8px||||false|false\u00bb custom_margin_last_edited=\u00bbon|phone\u00bb global_colors_info=\u00bb{}\u00bb][\/et_pb_image][\/et_pb_column][et_pb_column type=\u00bb1_5&#8243; _builder_version=\u00bb4.16&#8243; _module_preset=\u00bbdefault\u00bb global_colors_info=\u00bb{}\u00bb][et_pb_image src=\u00bbhttps:\/\/vegadesanmartin.es\/wp-content\/uploads\/02.1-ICDA.jpg\u00bb alt=\u00bbINTERNATIONAL CHEESE &#038; DAIRY AWARDS 2022&#8243; title_text=\u00bbINTERNATIONAL CHEESE &#038; DAIRY AWARDS 2022&#8243; show_in_lightbox=\u00bbon\u00bb align=\u00bbcenter\u00bb align_tablet=\u00bbcenter\u00bb align_phone=\u00bbcenter\u00bb align_last_edited=\u00bbon|phone\u00bb _builder_version=\u00bb4.19.4&#8243; _module_preset=\u00bbdefault\u00bb max_width=\u00bb90%\u00bb max_width_tablet=\u00bb90%\u00bb max_width_phone=\u00bb90%\u00bb max_width_last_edited=\u00bbon|desktop\u00bb height_tablet=\u00bb\u00bb height_phone=\u00bb\u00bb height_last_edited=\u00bbon|tablet\u00bb custom_margin_tablet=\u00bb\u00bb custom_margin_phone=\u00bb|1px||1px|false|false\u00bb custom_margin_last_edited=\u00bbon|phone\u00bb global_colors_info=\u00bb{}\u00bb][\/et_pb_image][\/et_pb_column][\/et_pb_row][et_pb_row column_structure=\u00bb1_5,1_5,1_5,1_5,1_5&#8243; use_custom_gutter=\u00bbon\u00bb gutter_width=\u00bb1&#8243; custom_padding_last_edited=\u00bbon|phone\u00bb module_class=\u00bbcinco_filas\u00bb _builder_version=\u00bb4.19.4&#8243; _module_preset=\u00bbdefault\u00bb width=\u00bb45%\u00bb width_tablet=\u00bb90%\u00bb width_phone=\u00bb90%\u00bb width_last_edited=\u00bbon|tablet\u00bb custom_margin=\u00bb||||false|false\u00bb custom_margin_tablet=\u00bb||10px||false|false\u00bb custom_margin_phone=\u00bb|0px|||false|false\u00bb custom_margin_last_edited=\u00bbon|desktop\u00bb custom_padding_tablet=\u00bb0px|||50px|false|false\u00bb custom_padding_phone=\u00bb0px|25px|0px|25px|true|true\u00bb global_colors_info=\u00bb{}\u00bb][et_pb_column type=\u00bb1_5&#8243; _builder_version=\u00bb4.16&#8243; _module_preset=\u00bbdefault\u00bb custom_padding_tablet=\u00bb\u00bb custom_padding_phone=\u00bb||||false|false\u00bb custom_padding_last_edited=\u00bbon|phone\u00bb global_colors_info=\u00bb{}\u00bb][et_pb_image src=\u00bbhttps:\/\/vegadesanmartin.es\/wp-content\/uploads\/MEJOR-QUESO-DE-CABRA.jpg\u00bb alt=\u00bbMEJOR QUESO DE CABRA 2022&#8243; title_text=\u00bbMEJOR QUESO DE CABRA\u00bb show_in_lightbox=\u00bbon\u00bb align=\u00bbcenter\u00bb align_tablet=\u00bbcenter\u00bb align_phone=\u00bbcenter\u00bb align_last_edited=\u00bbon|desktop\u00bb _builder_version=\u00bb4.19.4&#8243; _module_preset=\u00bbdefault\u00bb max_width=\u00bb90%\u00bb max_width_tablet=\u00bb90%\u00bb max_width_phone=\u00bb90%\u00bb max_width_last_edited=\u00bbon|phone\u00bb custom_margin_tablet=\u00bb\u00bb custom_margin_phone=\u00bb\u00bb custom_margin_last_edited=\u00bbon|phone\u00bb global_colors_info=\u00bb{}\u00bb][\/et_pb_image][\/et_pb_column][et_pb_column type=\u00bb1_5&#8243; _builder_version=\u00bb4.16&#8243; _module_preset=\u00bbdefault\u00bb global_colors_info=\u00bb{}\u00bb][et_pb_image src=\u00bbhttps:\/\/vegadesanmartin.es\/wp-content\/uploads\/MEJOR-QUESO-DE-PASTOR.jpg\u00bb alt=\u00bbMEJOR QUESO DE PASTOR 2022&#8243; title_text=\u00bbMEJOR QUESO DE PASTOR\u00bb show_in_lightbox=\u00bbon\u00bb align=\u00bbcenter\u00bb align_tablet=\u00bbcenter\u00bb align_phone=\u00bbcenter\u00bb align_last_edited=\u00bbon|phone\u00bb _builder_version=\u00bb4.19.4&#8243; _module_preset=\u00bbdefault\u00bb max_width=\u00bb88%\u00bb max_width_tablet=\u00bb90%\u00bb max_width_phone=\u00bb90%\u00bb max_width_last_edited=\u00bbon|desktop\u00bb custom_margin=\u00bb||||false|false\u00bb custom_margin_tablet=\u00bb||||false|false\u00bb custom_margin_phone=\u00bb||||false|false\u00bb custom_margin_last_edited=\u00bbon|phone\u00bb global_colors_info=\u00bb{}\u00bb][\/et_pb_image][\/et_pb_column][et_pb_column type=\u00bb1_5&#8243; _builder_version=\u00bb4.16&#8243; _module_preset=\u00bbdefault\u00bb global_colors_info=\u00bb{}\u00bb][et_pb_image src=\u00bbhttps:\/\/vegadesanmartin.es\/wp-content\/uploads\/WCA-22-23-super-gold_1666106860.jpg\u00bb alt=\u00bbWORLD CHEESE AWARDS SUPER GOLD 2022 &#8211; 23&#8243; title_text=\u00bbWORLD CHEESE AWARDS SUPER GOLD 2022 &#8211; 23&#8243; show_in_lightbox=\u00bbon\u00bb _builder_version=\u00bb4.19.4&#8243; _module_preset=\u00bbdefault\u00bb max_width=\u00bb95%\u00bb custom_padding=\u00bb|||8px|false|false\u00bb custom_padding_tablet=\u00bb|||8px|false|false\u00bb custom_padding_phone=\u00bb|||3px|false|false\u00bb custom_padding_last_edited=\u00bbon|desktop\u00bb global_colors_info=\u00bb{}\u00bb][\/et_pb_image][\/et_pb_column][et_pb_column type=\u00bb1_5&#8243; _builder_version=\u00bb4.16&#8243; _module_preset=\u00bbdefault\u00bb global_colors_info=\u00bb{}\u00bb][et_pb_image src=\u00bbhttps:\/\/vegadesanmartin.es\/wp-content\/uploads\/WCA-22-23-bronze-CMYK_1666106860.jpg\u00bb alt=\u00bbWORLD CHEESE AWARDS BRONZE 2022 &#8211; 23&#8243; title_text=\u00bbWORLD CHEESE AWARDS BRONZE 2022 &#8211; 23&#8243; show_in_lightbox=\u00bbon\u00bb align=\u00bbcenter\u00bb _builder_version=\u00bb4.19.4&#8243; _module_preset=\u00bbdefault\u00bb max_width=\u00bb88%\u00bb max_width_tablet=\u00bb90%\u00bb max_width_phone=\u00bb\u00bb max_width_last_edited=\u00bbon|desktop\u00bb custom_margin_tablet=\u00bb||||false|false\u00bb custom_margin_phone=\u00bb||||false|false\u00bb custom_margin_last_edited=\u00bbon|desktop\u00bb global_colors_info=\u00bb{}\u00bb][\/et_pb_image][\/et_pb_column][et_pb_column type=\u00bb1_5&#8243; _builder_version=\u00bb4.16&#8243; _module_preset=\u00bbdefault\u00bb global_colors_info=\u00bb{}\u00bb][et_pb_image src=\u00bbhttps:\/\/vegadesanmartin.es\/wp-content\/uploads\/medal_2023_3.png\u00bb alt=\u00bbConcours International de LYON 2023 &#8211; ARGENT SILVER\u00bb title_text=\u00bbConcours International de LYON 2023 &#8211; ARGENT SILVER\u00bb show_in_lightbox=\u00bbon\u00bb align=\u00bbcenter\u00bb align_tablet=\u00bbcenter\u00bb align_phone=\u00bbcenter\u00bb align_last_edited=\u00bbon|phone\u00bb _builder_version=\u00bb4.19.4&#8243; _module_preset=\u00bbdefault\u00bb max_width=\u00bb88%\u00bb max_width_tablet=\u00bb90%\u00bb max_width_phone=\u00bb90%\u00bb max_width_last_edited=\u00bbon|desktop\u00bb height_tablet=\u00bb\u00bb height_phone=\u00bb\u00bb height_last_edited=\u00bbon|tablet\u00bb custom_margin_tablet=\u00bb\u00bb custom_margin_phone=\u00bb|1px||1px|false|false\u00bb custom_margin_last_edited=\u00bbon|phone\u00bb global_colors_info=\u00bb{}\u00bb][\/et_pb_image][\/et_pb_column][\/et_pb_row][et_pb_row column_structure=\u00bb1_5,1_5,1_5,1_5,1_5&#8243; use_custom_gutter=\u00bbon\u00bb gutter_width=\u00bb1&#8243; custom_padding_last_edited=\u00bbon|phone\u00bb module_class=\u00bbcinco_filas\u00bb _builder_version=\u00bb4.19.4&#8243; _module_preset=\u00bbdefault\u00bb width=\u00bb45%\u00bb width_tablet=\u00bb90%\u00bb width_phone=\u00bb90%\u00bb width_last_edited=\u00bbon|tablet\u00bb custom_margin=\u00bb||||false|false\u00bb custom_margin_tablet=\u00bb||10px||false|false\u00bb custom_margin_phone=\u00bb|0px|||false|false\u00bb custom_margin_last_edited=\u00bbon|desktop\u00bb custom_padding_tablet=\u00bb0px|||50px|false|false\u00bb custom_padding_phone=\u00bb0px|25px|0px|25px|true|true\u00bb global_colors_info=\u00bb{}\u00bb][et_pb_column type=\u00bb1_5&#8243; _builder_version=\u00bb4.16&#8243; _module_preset=\u00bbdefault\u00bb custom_padding_tablet=\u00bb\u00bb custom_padding_phone=\u00bb||||false|false\u00bb custom_padding_last_edited=\u00bbon|phone\u00bb global_colors_info=\u00bb{}\u00bb][et_pb_image src=\u00bbhttps:\/\/vegadesanmartin.es\/wp-content\/uploads\/01-MEJOR-QUESO-DE-CABRA-QUESOS-DE-MADRID.jpg\u00bb alt=\u00bbMEJOR QUESO DE CABRA QUESOS DE MADRID\u00bb title_text=\u00bb01 MEJOR QUESO DE CABRA QUESOS DE MADRID\u00bb show_in_lightbox=\u00bbon\u00bb align=\u00bbcenter\u00bb align_tablet=\u00bbcenter\u00bb align_phone=\u00bbcenter\u00bb align_last_edited=\u00bbon|desktop\u00bb _builder_version=\u00bb4.24.0&#8243; _module_preset=\u00bbdefault\u00bb max_width=\u00bb90%\u00bb max_width_tablet=\u00bb90%\u00bb max_width_phone=\u00bb90%\u00bb max_width_last_edited=\u00bbon|phone\u00bb custom_margin_tablet=\u00bb\u00bb custom_margin_phone=\u00bb\u00bb custom_margin_last_edited=\u00bbon|phone\u00bb global_colors_info=\u00bb{}\u00bb][\/et_pb_image][\/et_pb_column][et_pb_column type=\u00bb1_5&#8243; _builder_version=\u00bb4.16&#8243; _module_preset=\u00bbdefault\u00bb global_colors_info=\u00bb{}\u00bb][et_pb_image src=\u00bbhttps:\/\/vegadesanmartin.es\/wp-content\/uploads\/02-MEJOR-QUESO-DE-CAMPO-QUESOS-DE-MADRID.jpg\u00bb alt=\u00bbMEJOR QUESO DE CAMPO QUESOS DE MADRID\u00bb title_text=\u00bb02 MEJOR QUESO DE CAMPO QUESOS DE MADRID\u00bb show_in_lightbox=\u00bbon\u00bb align=\u00bbcenter\u00bb align_tablet=\u00bbcenter\u00bb align_phone=\u00bbcenter\u00bb align_last_edited=\u00bbon|phone\u00bb _builder_version=\u00bb4.24.0&#8243; _module_preset=\u00bbdefault\u00bb max_width=\u00bb88%\u00bb max_width_tablet=\u00bb90%\u00bb max_width_phone=\u00bb90%\u00bb max_width_last_edited=\u00bbon|desktop\u00bb custom_margin=\u00bb||||false|false\u00bb custom_margin_tablet=\u00bb||||false|false\u00bb custom_margin_phone=\u00bb||||false|false\u00bb custom_margin_last_edited=\u00bbon|phone\u00bb global_colors_info=\u00bb{}\u00bb][\/et_pb_image][\/et_pb_column][et_pb_column type=\u00bb1_5&#8243; _builder_version=\u00bb4.16&#8243; _module_preset=\u00bbdefault\u00bb global_colors_info=\u00bb{}\u00bb][et_pb_image src=\u00bbhttps:\/\/vegadesanmartin.es\/wp-content\/uploads\/11-ICDA-2023.png\u00bb alt=\u00bbINTERNATIONAL CHEESE &#038; DAIRY AWARDS\u00bb title_text=\u00bb11 ICDA 2023&#8243; show_in_lightbox=\u00bbon\u00bb _builder_version=\u00bb4.24.0&#8243; _module_preset=\u00bbdefault\u00bb max_width=\u00bb66%\u00bb module_alignment=\u00bbcenter\u00bb custom_padding=\u00bb|||8px|false|false\u00bb custom_padding_tablet=\u00bb|||8px|false|false\u00bb custom_padding_phone=\u00bb|||3px|false|false\u00bb custom_padding_last_edited=\u00bbon|desktop\u00bb global_colors_info=\u00bb{}\u00bb][\/et_pb_image][\/et_pb_column][et_pb_column type=\u00bb1_5&#8243; _builder_version=\u00bb4.16&#8243; _module_preset=\u00bbdefault\u00bb global_colors_info=\u00bb{}\u00bb][et_pb_image src=\u00bbhttps:\/\/vegadesanmartin.es\/wp-content\/uploads\/12-WCA-PLATA.png\u00bb alt=\u00bbWORLD CHEESE AWARDS PLATA 2023-24&#8243; title_text=\u00bb12 WCA PLATA\u00bb show_in_lightbox=\u00bbon\u00bb align=\u00bbcenter\u00bb _builder_version=\u00bb4.24.0&#8243; _module_preset=\u00bbdefault\u00bb max_width=\u00bb88%\u00bb max_width_tablet=\u00bb90%\u00bb max_width_phone=\u00bb\u00bb max_width_last_edited=\u00bbon|desktop\u00bb custom_margin_tablet=\u00bb||||false|false\u00bb custom_margin_phone=\u00bb||||false|false\u00bb custom_margin_last_edited=\u00bbon|desktop\u00bb global_colors_info=\u00bb{}\u00bb][\/et_pb_image][\/et_pb_column][et_pb_column type=\u00bb1_5&#8243; _builder_version=\u00bb4.16&#8243; _module_preset=\u00bbdefault\u00bb global_colors_info=\u00bb{}\u00bb][et_pb_image src=\u00bbhttps:\/\/vegadesanmartin.es\/wp-content\/uploads\/10-LYON-PLATA.png\u00bb alt=\u00bbLYON PLATA 2024&#8243; title_text=\u00bb10 LYON PLATA\u00bb show_in_lightbox=\u00bbon\u00bb align=\u00bbcenter\u00bb align_tablet=\u00bbcenter\u00bb align_phone=\u00bbcenter\u00bb align_last_edited=\u00bbon|phone\u00bb _builder_version=\u00bb4.24.0&#8243; _module_preset=\u00bbdefault\u00bb max_width=\u00bb95%\u00bb max_width_tablet=\u00bb90%\u00bb max_width_phone=\u00bb90%\u00bb max_width_last_edited=\u00bbon|desktop\u00bb height_tablet=\u00bb\u00bb height_phone=\u00bb\u00bb height_last_edited=\u00bbon|tablet\u00bb custom_margin_tablet=\u00bb\u00bb custom_margin_phone=\u00bb|1px||1px|false|false\u00bb custom_margin_last_edited=\u00bbon|phone\u00bb global_colors_info=\u00bb{}\u00bb][\/et_pb_image][\/et_pb_column][\/et_pb_row][et_pb_row column_structure=\u00bb1_5,1_5,1_5,1_5,1_5&#8243; use_custom_gutter=\u00bbon\u00bb gutter_width=\u00bb1&#8243; custom_padding_last_edited=\u00bbon|phone\u00bb module_class=\u00bbcinco_filas\u00bb _builder_version=\u00bb4.19.4&#8243; _module_preset=\u00bbdefault\u00bb width=\u00bb45%\u00bb width_tablet=\u00bb90%\u00bb width_phone=\u00bb90%\u00bb width_last_edited=\u00bbon|tablet\u00bb custom_margin=\u00bb||||false|false\u00bb custom_margin_tablet=\u00bb||10px||false|false\u00bb custom_margin_phone=\u00bb|0px|||false|false\u00bb custom_margin_last_edited=\u00bbon|desktop\u00bb custom_padding_tablet=\u00bb0px|||50px|false|false\u00bb custom_padding_phone=\u00bb0px|25px|0px|25px|true|true\u00bb global_colors_info=\u00bb{}\u00bb][et_pb_column type=\u00bb1_5&#8243; _builder_version=\u00bb4.16&#8243; _module_preset=\u00bbdefault\u00bb custom_padding_tablet=\u00bb\u00bb custom_padding_phone=\u00bb||||false|false\u00bb custom_padding_last_edited=\u00bbon|phone\u00bb global_colors_info=\u00bb{}\u00bb][et_pb_image src=\u00bbhttps:\/\/vegadesanmartin.es\/wp-content\/uploads\/09-LYON-ORO.png\u00bb alt=\u00bbLYON ORO 2024&#8243; title_text=\u00bbLYON ORO\u00bb show_in_lightbox=\u00bbon\u00bb align=\u00bbcenter\u00bb align_tablet=\u00bbcenter\u00bb align_phone=\u00bbcenter\u00bb align_last_edited=\u00bbon|desktop\u00bb _builder_version=\u00bb4.24.0&#8243; _module_preset=\u00bbdefault\u00bb max_width=\u00bb90%\u00bb max_width_tablet=\u00bb90%\u00bb max_width_phone=\u00bb90%\u00bb max_width_last_edited=\u00bbon|phone\u00bb custom_margin_tablet=\u00bb\u00bb custom_margin_phone=\u00bb\u00bb custom_margin_last_edited=\u00bbon|phone\u00bb global_colors_info=\u00bb{}\u00bb][\/et_pb_image][\/et_pb_column][et_pb_column type=\u00bb1_5&#8243; _builder_version=\u00bb4.16&#8243; _module_preset=\u00bbdefault\u00bb global_colors_info=\u00bb{}\u00bb][\/et_pb_column][et_pb_column type=\u00bb1_5&#8243; _builder_version=\u00bb4.16&#8243; _module_preset=\u00bbdefault\u00bb global_colors_info=\u00bb{}\u00bb][\/et_pb_column][et_pb_column type=\u00bb1_5&#8243; _builder_version=\u00bb4.16&#8243; _module_preset=\u00bbdefault\u00bb global_colors_info=\u00bb{}\u00bb][\/et_pb_column][et_pb_column type=\u00bb1_5&#8243; _builder_version=\u00bb4.16&#8243; _module_preset=\u00bbdefault\u00bb global_colors_info=\u00bb{}\u00bb][\/et_pb_column][\/et_pb_row][\/et_pb_section][et_pb_section fb_built=\u00bb1&#8243; custom_padding_last_edited=\u00bbon|phone\u00bb _builder_version=\u00bb4.16&#8243; _module_preset=\u00bbdefault\u00bb background_enable_color=\u00bboff\u00bb background_color_gradient_start=\u00bb#f1eee8&#8243; background_color_gradient_end=\u00bb#ffffff\u00bb custom_padding=\u00bb0px||0px||true|false\u00bb custom_padding_tablet=\u00bb0px||||false|false\u00bb custom_padding_phone=\u00bb5%||10%||false|false\u00bb background_color_phone=\u00bb#F1EEE8&#8243; background_last_edited=\u00bbon|phone\u00bb background_enable_color_phone=\u00bbon\u00bb global_colors_info=\u00bb{}\u00bb][et_pb_row use_custom_gutter=\u00bbon\u00bb gutter_width=\u00bb1&#8243; custom_padding_last_edited=\u00bbon|phone\u00bb _builder_version=\u00bb4.16&#8243; _module_preset=\u00bbdefault\u00bb max_width=\u00bb1080px\u00bb custom_margin=\u00bb||||false|false\u00bb custom_margin_tablet=\u00bb||||false|false\u00bb custom_margin_phone=\u00bb0px||50px||false|false\u00bb custom_margin_last_edited=\u00bbon|phone\u00bb custom_padding_tablet=\u00bb\u00bb custom_padding_phone=\u00bb\u00bb global_colors_info=\u00bb{}\u00bb][et_pb_column type=\u00bb4_4&#8243; _builder_version=\u00bb4.16&#8243; _module_preset=\u00bbdefault\u00bb global_colors_info=\u00bb{}\u00bb][et_pb_text _builder_version=\u00bb4.16&#8243; _module_preset=\u00bbdefault\u00bb text_font=\u00bbCormorant Garamond|500||on|||||\u00bb text_text_color=\u00bb#8B774F\u00bb text_font_size=\u00bb40px\u00bb text_letter_spacing=\u00bb1px\u00bb header_font=\u00bb|||on|||||\u00bb header_text_align=\u00bbcenter\u00bb header_text_color=\u00bb#8B774F\u00bb header_font_size=\u00bb40px\u00bb header_2_font=\u00bb|||on|||||\u00bb header_2_font_size=\u00bb40px\u00bb text_orientation=\u00bbcenter\u00bb custom_margin=\u00bb||65px||false|false\u00bb custom_margin_tablet=\u00bb||65px||false|false\u00bb custom_margin_phone=\u00bb||0px||false|false\u00bb custom_margin_last_edited=\u00bbon|desktop\u00bb custom_padding=\u00bb30px||30px||false|false\u00bb border_width_all=\u00bb1px\u00bb border_color_all=\u00bb#8B774F\u00bb border_width_all_tablet=\u00bb1px\u00bb border_width_all_phone=\u00bb0px\u00bb border_width_all_last_edited=\u00bbon|phone\u00bb global_colors_info=\u00bb{}\u00bb]<\/p>\n<h2>Nuestros Productos<\/h2>\n<p>[\/et_pb_text][et_pb_code _builder_version=\u00bb4.16&#8243; _module_preset=\u00bbdefault\u00bb global_colors_info=\u00bb{}\u00bb]<script><!-- [et_pb_line_break_holder] -->document.addEventListener( 'DOMContentLoaded', function () {<!-- [et_pb_line_break_holder] --><!-- [et_pb_line_break_holder] -->var div1 = document.querySelectorAll('.vic-splide  .woocommerce');<!-- [et_pb_line_break_holder] -->var i;<!-- [et_pb_line_break_holder] -->for (i = 0; i < div1.length; i++) { div1[i].classList.add('splide__track'); }<!-- [et_pb_line_break_holder] -->    <!-- [et_pb_line_break_holder] -->    <!-- [et_pb_line_break_holder] -->var ul1 = document.querySelectorAll('.vic-splide   .products');<!-- [et_pb_line_break_holder] -->var i;<!-- [et_pb_line_break_holder] -->for (i = 0; i < ul1.length; i++)<!-- [et_pb_line_break_holder] -->{ul1[i].classList.remove('columns-1','columns-2','columns-3','columns-4','columns-5','columns-6');<!-- [et_pb_line_break_holder] -->ul1[i].classList.add('splide__list'); }<!-- [et_pb_line_break_holder] -->  <!-- [et_pb_line_break_holder] -->    <!-- [et_pb_line_break_holder] -->var product2 = document.querySelectorAll('.vic-splide  .product');<!-- [et_pb_line_break_holder] -->var i;<!-- [et_pb_line_break_holder] -->for (i = 0; i < product2.length; i++) { product2[i].classList.add('splide__slide'); }<!-- [et_pb_line_break_holder] --><!-- [et_pb_line_break_holder] -->    <!-- [et_pb_line_break_holder] -->var slider1 = document.querySelectorAll('.vic-splide');<!-- [et_pb_line_break_holder] -->   var i;<!-- [et_pb_line_break_holder] -->for (i = 0; i < slider1.length; i++) { <!-- [et_pb_line_break_holder] --><!-- [et_pb_line_break_holder] -->new Splide( slider1[ i ], {<!-- [et_pb_line_break_holder] -->\/* Par\u00e1metros de Splide *\/<!-- [et_pb_line_break_holder] -->type   : 'loop',<!-- [et_pb_line_break_holder] -->perPage: 4,<!-- [et_pb_line_break_holder] -->perMove: 1,<!-- [et_pb_line_break_holder] -->gap    : '10px',<!-- [et_pb_line_break_holder] -->autoplay: true,<!-- [et_pb_line_break_holder] -->interval:4000,<!-- [et_pb_line_break_holder] -->pagination:false,<!-- [et_pb_line_break_holder] -->breakpoints: {<!-- [et_pb_line_break_holder] -->\t\t'980': {<!-- [et_pb_line_break_holder] -->    perPage: 3 ,<!-- [et_pb_line_break_holder] -->    perMove: 1,<!-- [et_pb_line_break_holder] -->\t\t\t<!-- [et_pb_line_break_holder] -->\t\t},<!-- [et_pb_line_break_holder] -->\t\t'767': {<!-- [et_pb_line_break_holder] -->    perPage: 2,<!-- [et_pb_line_break_holder] -->    perMove: 1,<!-- [et_pb_line_break_holder] -->\t\t},<!-- [et_pb_line_break_holder] -->\t}<!-- [et_pb_line_break_holder] -->      <!-- [et_pb_line_break_holder] -->} ).mount(); <!-- [et_pb_line_break_holder] -->  <!-- [et_pb_line_break_holder] -->}<!-- [et_pb_line_break_holder] -->    <!-- [et_pb_line_break_holder] -->\t} );<!-- [et_pb_line_break_holder] --><!-- [et_pb_line_break_holder] --><\/script><!-- [et_pb_line_break_holder] --><!-- [et_pb_line_break_holder] --><\/p>\n<style><!-- [et_pb_line_break_holder] -->.vic-splide ul.products li {<!-- [et_pb_line_break_holder] -->margin-bottom: auto !important;<!-- [et_pb_line_break_holder] -->  margin-top:auto !important;<!-- [et_pb_line_break_holder] -->  clear:none !important;<!-- [et_pb_line_break_holder] --><!-- [et_pb_line_break_holder] -->}<!-- [et_pb_line_break_holder] -->.vic-splide {<!-- [et_pb_line_break_holder] -->  position:relative;<!-- [et_pb_line_break_holder] -->}<!-- [et_pb_line_break_holder] --><!-- [et_pb_line_break_holder] --><\/style>\n<p>[\/et_pb_code][et_pb_shop posts_number=\u00bb13&#8243; module_class=\u00bbvic-splide splide\u00bb _builder_version=\u00bb4.19.4&#8243; _module_preset=\u00bbdefault\u00bb title_font=\u00bbCormorant Garamond||||||||\u00bb title_text_align=\u00bbleft\u00bb title_font_size=\u00bb18px\u00bb price_text_color=\u00bb#030303&#8243; price_font_size=\u00bb15px\u00bb text_orientation=\u00bbleft\u00bb global_colors_info=\u00bb{}\u00bb][\/et_pb_shop][et_pb_button button_url=\u00bbhttps:\/\/vegadesanmartin.es\/tienda\/\u00bb button_text=\u00bbVISITA NUESTRA TIENDA ONLINE\u00bb button_alignment=\u00bbcenter\u00bb _builder_version=\u00bb4.16&#8243; _module_preset=\u00bbdefault\u00bb custom_button=\u00bbon\u00bb button_text_size=\u00bb19px\u00bb button_text_color=\u00bb#F1EEE8&#8243; button_bg_color=\u00bb#821D21&#8243; button_border_width=\u00bb0px\u00bb button_border_radius=\u00bb0px\u00bb button_icon=\u00bb&#xe015;||divi||400&#8243; custom_margin=\u00bb5%||||false|false\u00bb global_colors_info=\u00bb{}\u00bb][\/et_pb_button][\/et_pb_column][\/et_pb_row][\/et_pb_section][et_pb_section fb_built=\u00bb1&#8243; custom_padding_last_edited=\u00bbon|phone\u00bb _builder_version=\u00bb4.16&#8243; _module_preset=\u00bbdefault\u00bb background_color=\u00bbrgba(12,12,12,0.68)\u00bb background_image=\u00bbhttps:\/\/vegadesanmartin.es\/wp-content\/uploads\/Produccion-Queseria-Vega-de-San-Martin.jpg\u00bb background_blend=\u00bboverlay\u00bb width=\u00bb100%\u00bb max_width=\u00bb100%\u00bb max_width_tablet=\u00bb100%\u00bb max_width_phone=\u00bb100%\u00bb max_width_last_edited=\u00bbon|tablet\u00bb module_alignment=\u00bbcenter\u00bb custom_margin=\u00bb100px|||||\u00bb custom_margin_tablet=\u00bb100px|||||\u00bb custom_margin_phone=\u00bb0px||||false|false\u00bb custom_margin_last_edited=\u00bbon|desktop\u00bb custom_padding=\u00bb247px||235px||false|false\u00bb custom_padding_tablet=\u00bb120px||120px||true|false\u00bb custom_padding_phone=\u00bb80px||80px||true|false\u00bb global_colors_info=\u00bb{}\u00bb][et_pb_row use_custom_gutter=\u00bbon\u00bb custom_padding_last_edited=\u00bbon|phone\u00bb _builder_version=\u00bb4.16&#8243; _module_preset=\u00bbdefault\u00bb width=\u00bb100%\u00bb max_width=\u00bb1080px\u00bb custom_padding=\u00bb0px|||||\u00bb custom_padding_tablet=\u00bb0px|||||\u00bb custom_padding_phone=\u00bb0px|5px||5px|false|true\u00bb global_colors_info=\u00bb{}\u00bb][et_pb_column type=\u00bb4_4&#8243; _builder_version=\u00bb4.16&#8243; _module_preset=\u00bbdefault\u00bb global_colors_info=\u00bb{}\u00bb][dnxte_text_animation before_text=\u00bbNuestra historia con el queso es una historia de\u00bb text_animation=\u00bb%91{%22value%22:%22AMOR Y TRADICI\u00d3N%22,%22checked%22:0,%22dragID%22:-1}%93&#8243; dnxt_text_animation_effect=\u00bbloading-bar\u00bb loading_bar_color=\u00bb#8B774F\u00bb loading_bar_height=\u00bb2px\u00bb _builder_version=\u00bb4.16&#8243; _module_preset=\u00bbdefault\u00bb heading_fonts_text_color=\u00bb#F1EEE8&#8243; heading_fonts_letter_spacing=\u00bb1px\u00bb animation_fonts_text_color=\u00bb#F1EEE8&#8243; text_orientation=\u00bbcenter\u00bb custom_margin_tablet=\u00bb\u00bb custom_margin_phone=\u00bb\u00bb custom_margin_last_edited=\u00bbon|phone\u00bb custom_padding_tablet=\u00bb\u00bb custom_padding_phone=\u00bb|5px||5px|false|true\u00bb custom_padding_last_edited=\u00bbon|phone\u00bb heading_fonts_font_size_tablet=\u00bb46px\u00bb heading_fonts_font_size_phone=\u00bb35px\u00bb heading_fonts_font_size_last_edited=\u00bbon|desktop\u00bb animation_fonts_font_size_tablet=\u00bb42px\u00bb animation_fonts_font_size_phone=\u00bb32px\u00bb animation_fonts_font_size_last_edited=\u00bbon|phone\u00bb global_colors_info=\u00bb{}\u00bb][\/dnxte_text_animation][\/et_pb_column][\/et_pb_row][\/et_pb_section]<\/p>\n","protected":false},"excerpt":{"rendered":"<p>vega de san mart\u00ednvega de san mart\u00ednvega de san mart\u00ednDUDASPonte en contacto con nosotros en info@vegadesanmartin.es o 917 45 01 34ENV\u00cdO Y ENTREGAEnviamos tu pedido en \u00f3ptimas condiciones sin que se rompa la cadena de fr\u00edo en 24\/72 horas laborables.PEDIDOSEnv\u00edo gratuito a partir de compras superiores a 60\u20ac.5\u00aa GENERACI\u00d3N DE UNA FAMILIA AGR\u00cdCOLA Y GANADERAVega [&hellip;]<\/p>\n","protected":false},"author":1,"featured_media":0,"parent":0,"menu_order":0,"comment_status":"closed","ping_status":"closed","template":"","meta":{"_et_pb_use_builder":"on","_et_pb_old_content":"","_et_gb_content_width":"","_joinchat":[],"footnotes":""},"class_list":["post-97","page","type-page","status-publish","hentry"],"_links":{"self":[{"href":"https:\/\/vegadesanmartin.es\/en\/wp-json\/wp\/v2\/pages\/97","targetHints":{"allow":["GET"]}}],"collection":[{"href":"https:\/\/vegadesanmartin.es\/en\/wp-json\/wp\/v2\/pages"}],"about":[{"href":"https:\/\/vegadesanmartin.es\/en\/wp-json\/wp\/v2\/types\/page"}],"author":[{"embeddable":true,"href":"https:\/\/vegadesanmartin.es\/en\/wp-json\/wp\/v2\/users\/1"}],"replies":[{"embeddable":true,"href":"https:\/\/vegadesanmartin.es\/en\/wp-json\/wp\/v2\/comments?post=97"}],"version-history":[{"count":269,"href":"https:\/\/vegadesanmartin.es\/en\/wp-json\/wp\/v2\/pages\/97\/revisions"}],"predecessor-version":[{"id":227896,"href":"https:\/\/vegadesanmartin.es\/en\/wp-json\/wp\/v2\/pages\/97\/revisions\/227896"}],"wp:attachment":[{"href":"https:\/\/vegadesanmartin.es\/en\/wp-json\/wp\/v2\/media?parent=97"}],"curies":[{"name":"wp","href":"https:\/\/api.w.org\/{rel}","templated":true}]}}